{"id":806298,"date":"2026-08-27T12:26:52","date_gmt":"2026-08-27T12:26:52","guid":{"rendered":"https:\/\/inmobiliariacalafell.com\/inmueble\/venta\/piso\/tarragona\/calafell\/2087-10\/"},"modified":"2026-08-27T12:26:52","modified_gmt":"2026-08-27T12:26:52","slug":"espectacular-pis-a-primera-linia-de-mar-amb-vistes-impressionants-2087-10","status":"publish","type":"property","link":"https:\/\/inmobiliariacalafell.com\/ca\/inmueble\/espectacular-pis-a-primera-linia-de-mar-amb-vistes-impressionants-2087-10\/","title":{"rendered":"Espectacular Pis a Primera L\u00ednia de Mar amb Vistes Impressionants &#8211; 2087-10"},"content":{"rendered":"<p>Descobreix la teva nova llar a Calafell, ubicat a la privilegiada zona de L Estany. Aquest llumin\u00f3s i acollidor pis de 87 m\u00b2 constru\u00efts \u00e9s a un pas del mar, oferint vistes espectaculars que et faran sentir sempre de vacances. Compte amb dues \u00e0mplies habitacions dobles perfectes per descansar despr\u00e9s d&#8217;un dia gaudint del sol i la platja.<\/p>\n<p>La propietat est\u00e0 a punt per entrar a viure gr\u00e0cies a la seva excel\u00b7lent conservaci\u00f3; simplement porta les maletes. La seva orientaci\u00f3 sud-est garanteix llum natural durant tot el dia, creant un ambient c\u00e0lid i agradable.<\/p>\n<p>A m\u00e9s, podreu gaudir del confort que ofereix tenir dos banys complets adaptats perfectament a l&#8217;espai modern de l&#8217;immoble. Entre els extres destaca una pla\u00e7a de p\u00e0rquing inclosa-un gran avantatge si considerem com concorregudes que poden ser les zones costaneres durant l&#8217;estiu-i acc\u00e9s directe a piscina -jacuzzi comunit\u00e0ria on relaxar-te sota el sol.<\/p>\n<p>Disseny tot exterior garantir\u00e0s tant seguretat com frescor constant dins casa teva mentre contemples unes magn\u00edfiques postes solars des del teu sal\u00f3 privat. Aquesta \u00e9s sens dubte una oportunitat \u00fanica per nom\u00e9s &euro;275000 No esperis m\u00e9s per fer realitat aquest somni al costat del mar a la platja de Calafell!<\/p>\n","protected":false},"excerpt":{"rendered":"<p>Descobreix la teva nova llar a Calafell, ubicat a la privilegiada zona de L Estany. Aquest llumin\u00f3s i acollidor pis de 87 m\u00b2 constru\u00efts \u00e9s a un pas del mar, oferint vistes espectaculars que et faran sentir sempre de vacances. Compte amb dues \u00e0mplies habitacions dobles perfectes per descansar despr\u00e9s d&#8217;un dia gaudint del sol i la <\/p>\n","protected":false},"author":2,"featured_media":806299,"parent":0,"menu_order":0,"template":"","property_type":[1266],"property_status":[1182],"property_feature":[1198,1218,1192,1221,1210,1269,1213,1257],"property_label":[1178],"property_state":[122],"property_city":[1186],"class_list":["post-806298","property","type-property","status-publish","has-post-thumbnail","hentry","property_type-pis","property_status-venda","property_feature-calefaccio","property_feature-elevador","property_feature-parking-ca","property_feature-piscina","property_feature-porta-blindada","property_feature-primera-linia-platja","property_feature-tot-exterior","property_feature-ulls-bou","property_label-revenda","property_state-tarragona","property_city-calafell"],"property_meta":{"fave_agent":["156"],"fave_agents":["156"],"fave_agent_display_option":["agent_info"],"property_agent":["156"],"custom_permalink":["inmueble\/venta\/piso\/tarragona\/calafell\/2087-10\/"],"_thumbnail_id":["806299"],"post_id":["Array"],"original_author":["2"],"_edit_lock":["1604137107:1"],"_edit_last":["1"],"fave_property_map_street_view":["show"],"fave_payment_status":["not_paid"],"fave_single_top_area":["global"],"fave_single_content_area":["global"],"houzez_manual_expire":["0"],"fave_property_size_prefix":["m&sup2;"],"fave_property_map":["1"],"fave_additional_features_enable":["disable"],"fave_floor_plans_enable":["disable"],"fave_multiunit_plans_enable":["disable"],"fave_prop_homeslider":["yes"],"fave_featured":["1"],"fave_property_address":["Calafell,Tarragona"],"fave_property_zip":["43820"],"houzez_geolocation_lat":["41.188757660189"],"houzez_geolocation_long":["1.5852892992605"],"fave_property_location":["41.188757660189,1.5852892992605"],"fave_property_country":["ES"],"fave_property_map_address":["Calafell,Tarragona,Spain"],"fave_comunidadimporte":["80"],"fave_comunidadincluida":["0"],"fave_conservacion":["Entrar a vivir"],"fave_orientacion":["Sureste"],"fave_carpinteriainterior":["Lacado Blanco"],"fave_carpinteriaexterior":["Aluminio Rotura Puente T\u00e9rmico"],"fave_tiposuelo":[""],"fave_vistas":[""],"additional_features":["a:5:{i:0;a:2:{s:29:\"fave_additional_feature_title\";s:12:\"Carpinter\u00eda\";s:29:\"fave_additional_feature_value\";s:13:\"Lacado Blanco\";}i:1;a:2:{s:29:\"fave_additional_feature_title\";s:21:\"Carpinter\u00eda exterior\";s:29:\"fave_additional_feature_value\";s:31:\"Aluminio Rotura Puente T\u00e9rmico\";}i:2;a:2:{s:29:\"fave_additional_feature_title\";s:6:\"Estado\";s:29:\"fave_additional_feature_value\";s:14:\"Entrar a vivir\";}i:3;a:2:{s:29:\"fave_additional_feature_title\";s:6:\"Vistas\";s:29:\"fave_additional_feature_value\";s:0:\"\";}i:4;a:2:{s:29:\"fave_additional_feature_title\";s:11:\"Orientacion\";s:29:\"fave_additional_feature_value\";s:7:\"Sureste\";}}"],"referencia":["2087-10"],"fave_property_id":["2087-10"],"fave_property_bedrooms":["2"],"fave_property_bathrooms":["2"],"fave_property_garage":["1"],"fave_property_land":["0"],"ave_property_land_postfix":["m&sup2;"],"fave_property_size":["87"],"fave_property_year":["2012"],"fave_energy_global_index":["163 kWh\/m&sup2; \/38 Kg CO2\/m&sup2;"],"fave_energy_class":["F"],"estate_attr_energy_class":["F"],"REAL_HOMES_property_emisiones":["38"],"REAL_HOMES_property_consumo":["163"],"REAL_HOMES_property_letra":["F"],"estate_video":[""],"fave_virtual_tour":[""],"vendidoInmueble":[""],"fave_property_price":["275000"],"fave_property_price_postfix":[""],"fave_property_images":["806299","806300","806301","806302","806303","806304","806305","806306","806307","806308","806309","806310","806311","806312","806313","806314","806315","806316","806317","806318","806319","806320","806321","806322","806323","806324","806325","806326","806327","806328","806329","806330","806331","806332","806333","806334","806335"],"houzez_total_property_views":["2"],"houzez_views_by_date":["a:1:{s:10:\"09-02-2026\";i:2;}"],"houzez_recently_viewed":["2026-09-02 08:49:59"],"_elementor_page_assets":["a:0:{}"]},"yoast_head":"<!-- This site is optimized with the Yoast SEO plugin v28.2 - https:\/\/yoast.com\/product\/yoast-seo-wordpress\/ -->\n<title>Espectacular Pis a Primera L\u00ednia de Mar amb Vistes Impressionants - 2087-10 - inmobiliariacalafell.com<\/title>\n<meta name=\"robots\" content=\"index, follow, max-snippet:-1, max-image-preview:large, max-video-preview:-1\" \/>\n<link rel=\"canonical\" href=\"https:\/\/inmobiliariacalafell.com\/ca\/inmueble\/espectacular-pis-a-primera-linia-de-mar-amb-vistes-impressionants-2087-10\/\" \/>\n<meta property=\"og:locale\" content=\"ca_ES\" \/>\n<meta property=\"og:type\" content=\"article\" \/>\n<meta property=\"og:title\" content=\"Espectacular Pis a Primera L\u00ednia de Mar amb Vistes Impressionants - 2087-10 - inmobiliariacalafell.com\" \/>\n<meta property=\"og:description\" content=\"Descobreix la teva nova llar a Calafell, ubicat a la privilegiada zona de L Estany. Aquest llumin\u00f3s i acollidor pis de 87 m\u00b2 constru\u00efts \u00e9s a un pas del mar, oferint vistes espectaculars que et faran sentir sempre de vacances. Compte amb dues \u00e0mplies habitacions dobles perfectes per descansar despr\u00e9s d&#039;un dia gaudint del sol i la\" \/>\n<meta property=\"og:url\" content=\"https:\/\/inmobiliariacalafell.com\/ca\/inmueble\/espectacular-pis-a-primera-linia-de-mar-amb-vistes-impressionants-2087-10\/\" \/>\n<meta property=\"og:site_name\" content=\"inmobiliariacalafell.com\" \/>\n<meta property=\"og:image\" content=\"https:\/\/fotos15.apinmo.com\/1401\/30058493\/3-1.jpg\" \/>\n\t<meta property=\"og:image:width\" content=\"850\" \/>\n\t<meta property=\"og:image:height\" content=\"426\" \/>\n\t<meta property=\"og:image:type\" content=\"image\/jpeg\" \/>\n<meta name=\"twitter:card\" content=\"summary_large_image\" \/>\n<meta name=\"twitter:label1\" content=\"Temps estimat de lectura\" \/>\n\t<meta name=\"twitter:data1\" content=\"1 minut\" \/>\n<script type=\"application\/ld+json\" class=\"yoast-schema-graph\">{\"@context\":\"https:\\\/\\\/schema.org\",\"@graph\":[{\"@type\":\"WebPage\",\"@id\":\"https:\\\/\\\/inmobiliariacalafell.com\\\/ca\\\/inmueble\\\/espectacular-pis-a-primera-linia-de-mar-amb-vistes-impressionants-2087-10\\\/\",\"url\":\"https:\\\/\\\/inmobiliariacalafell.com\\\/ca\\\/inmueble\\\/espectacular-pis-a-primera-linia-de-mar-amb-vistes-impressionants-2087-10\\\/\",\"name\":\"Espectacular Pis a Primera L\u00ednia de Mar amb Vistes Impressionants - 2087-10 - inmobiliariacalafell.com\",\"isPartOf\":{\"@id\":\"https:\\\/\\\/inmobiliariacalafell.com\\\/ca\\\/#website\"},\"primaryImageOfPage\":{\"@id\":\"https:\\\/\\\/inmobiliariacalafell.com\\\/ca\\\/inmueble\\\/espectacular-pis-a-primera-linia-de-mar-amb-vistes-impressionants-2087-10\\\/#primaryimage\"},\"image\":{\"@id\":\"https:\\\/\\\/inmobiliariacalafell.com\\\/ca\\\/inmueble\\\/espectacular-pis-a-primera-linia-de-mar-amb-vistes-impressionants-2087-10\\\/#primaryimage\"},\"thumbnailUrl\":\"https:\\\/\\\/fotos15.apinmo.com\\\/1401\\\/30058493\\\/3-1.jpg\",\"datePublished\":\"2026-08-27T12:26:52+00:00\",\"breadcrumb\":{\"@id\":\"https:\\\/\\\/inmobiliariacalafell.com\\\/ca\\\/inmueble\\\/espectacular-pis-a-primera-linia-de-mar-amb-vistes-impressionants-2087-10\\\/#breadcrumb\"},\"inLanguage\":\"ca\",\"potentialAction\":[{\"@type\":\"ReadAction\",\"target\":[\"https:\\\/\\\/inmobiliariacalafell.com\\\/ca\\\/inmueble\\\/espectacular-pis-a-primera-linia-de-mar-amb-vistes-impressionants-2087-10\\\/\"]}]},{\"@type\":\"ImageObject\",\"inLanguage\":\"ca\",\"@id\":\"https:\\\/\\\/inmobiliariacalafell.com\\\/ca\\\/inmueble\\\/espectacular-pis-a-primera-linia-de-mar-amb-vistes-impressionants-2087-10\\\/#primaryimage\",\"url\":\"https:\\\/\\\/fotos15.apinmo.com\\\/1401\\\/30058493\\\/3-1.jpg\",\"contentUrl\":\"https:\\\/\\\/fotos15.apinmo.com\\\/1401\\\/30058493\\\/3-1.jpg\",\"width\":850,\"height\":426,\"caption\":\"Espectacular piso en primera l\u00ednea de mar con vistas impresionantes - imagenInmueble0\"},{\"@type\":\"BreadcrumbList\",\"@id\":\"https:\\\/\\\/inmobiliariacalafell.com\\\/ca\\\/inmueble\\\/espectacular-pis-a-primera-linia-de-mar-amb-vistes-impressionants-2087-10\\\/#breadcrumb\",\"itemListElement\":[{\"@type\":\"ListItem\",\"position\":1,\"name\":\"Home\",\"item\":\"https:\\\/\\\/inmobiliariacalafell.com\\\/ca\\\/\"},{\"@type\":\"ListItem\",\"position\":2,\"name\":\"Properties\",\"item\":\"https:\\\/\\\/inmobiliariacalafell.com\\\/ca\\\/inmueble\\\/\"},{\"@type\":\"ListItem\",\"position\":3,\"name\":\"Espectacular Pis a Primera L\u00ednia de Mar amb Vistes Impressionants &#8211; 2087-10\"}]},{\"@type\":\"WebSite\",\"@id\":\"https:\\\/\\\/inmobiliariacalafell.com\\\/ca\\\/#website\",\"url\":\"https:\\\/\\\/inmobiliariacalafell.com\\\/ca\\\/\",\"name\":\"inmobiliariacalafell.com\",\"description\":\"Encuentra tu casa en Calafell Tarragona\",\"potentialAction\":[{\"@type\":\"SearchAction\",\"target\":{\"@type\":\"EntryPoint\",\"urlTemplate\":\"https:\\\/\\\/inmobiliariacalafell.com\\\/ca\\\/?s={search_term_string}\"},\"query-input\":{\"@type\":\"PropertyValueSpecification\",\"valueRequired\":true,\"valueName\":\"search_term_string\"}}],\"inLanguage\":\"ca\"}]}<\/script>\n<!-- \/ Yoast SEO plugin. -->","yoast_head_json":{"title":"Espectacular Pis a Primera L\u00ednia de Mar amb Vistes Impressionants - 2087-10 - inmobiliariacalafell.com","robots":{"index":"index","follow":"follow","max-snippet":"max-snippet:-1","max-image-preview":"max-image-preview:large","max-video-preview":"max-video-preview:-1"},"canonical":"https:\/\/inmobiliariacalafell.com\/ca\/inmueble\/espectacular-pis-a-primera-linia-de-mar-amb-vistes-impressionants-2087-10\/","og_locale":"ca_ES","og_type":"article","og_title":"Espectacular Pis a Primera L\u00ednia de Mar amb Vistes Impressionants - 2087-10 - inmobiliariacalafell.com","og_description":"Descobreix la teva nova llar a Calafell, ubicat a la privilegiada zona de L Estany. Aquest llumin\u00f3s i acollidor pis de 87 m\u00b2 constru\u00efts \u00e9s a un pas del mar, oferint vistes espectaculars que et faran sentir sempre de vacances. Compte amb dues \u00e0mplies habitacions dobles perfectes per descansar despr\u00e9s d'un dia gaudint del sol i la","og_url":"https:\/\/inmobiliariacalafell.com\/ca\/inmueble\/espectacular-pis-a-primera-linia-de-mar-amb-vistes-impressionants-2087-10\/","og_site_name":"inmobiliariacalafell.com","og_image":[{"width":850,"height":426,"url":"https:\/\/fotos15.apinmo.com\/1401\/30058493\/3-1.jpg","type":"image\/jpeg"}],"twitter_card":"summary_large_image","twitter_misc":{"Temps estimat de lectura":"1 minut"},"schema":{"@context":"https:\/\/schema.org","@graph":[{"@type":"WebPage","@id":"https:\/\/inmobiliariacalafell.com\/ca\/inmueble\/espectacular-pis-a-primera-linia-de-mar-amb-vistes-impressionants-2087-10\/","url":"https:\/\/inmobiliariacalafell.com\/ca\/inmueble\/espectacular-pis-a-primera-linia-de-mar-amb-vistes-impressionants-2087-10\/","name":"Espectacular Pis a Primera L\u00ednia de Mar amb Vistes Impressionants - 2087-10 - inmobiliariacalafell.com","isPartOf":{"@id":"https:\/\/inmobiliariacalafell.com\/ca\/#website"},"primaryImageOfPage":{"@id":"https:\/\/inmobiliariacalafell.com\/ca\/inmueble\/espectacular-pis-a-primera-linia-de-mar-amb-vistes-impressionants-2087-10\/#primaryimage"},"image":{"@id":"https:\/\/inmobiliariacalafell.com\/ca\/inmueble\/espectacular-pis-a-primera-linia-de-mar-amb-vistes-impressionants-2087-10\/#primaryimage"},"thumbnailUrl":"https:\/\/fotos15.apinmo.com\/1401\/30058493\/3-1.jpg","datePublished":"2026-08-27T12:26:52+00:00","breadcrumb":{"@id":"https:\/\/inmobiliariacalafell.com\/ca\/inmueble\/espectacular-pis-a-primera-linia-de-mar-amb-vistes-impressionants-2087-10\/#breadcrumb"},"inLanguage":"ca","potentialAction":[{"@type":"ReadAction","target":["https:\/\/inmobiliariacalafell.com\/ca\/inmueble\/espectacular-pis-a-primera-linia-de-mar-amb-vistes-impressionants-2087-10\/"]}]},{"@type":"ImageObject","inLanguage":"ca","@id":"https:\/\/inmobiliariacalafell.com\/ca\/inmueble\/espectacular-pis-a-primera-linia-de-mar-amb-vistes-impressionants-2087-10\/#primaryimage","url":"https:\/\/fotos15.apinmo.com\/1401\/30058493\/3-1.jpg","contentUrl":"https:\/\/fotos15.apinmo.com\/1401\/30058493\/3-1.jpg","width":850,"height":426,"caption":"Espectacular piso en primera l\u00ednea de mar con vistas impresionantes - imagenInmueble0"},{"@type":"BreadcrumbList","@id":"https:\/\/inmobiliariacalafell.com\/ca\/inmueble\/espectacular-pis-a-primera-linia-de-mar-amb-vistes-impressionants-2087-10\/#breadcrumb","itemListElement":[{"@type":"ListItem","position":1,"name":"Home","item":"https:\/\/inmobiliariacalafell.com\/ca\/"},{"@type":"ListItem","position":2,"name":"Properties","item":"https:\/\/inmobiliariacalafell.com\/ca\/inmueble\/"},{"@type":"ListItem","position":3,"name":"Espectacular Pis a Primera L\u00ednia de Mar amb Vistes Impressionants &#8211; 2087-10"}]},{"@type":"WebSite","@id":"https:\/\/inmobiliariacalafell.com\/ca\/#website","url":"https:\/\/inmobiliariacalafell.com\/ca\/","name":"inmobiliariacalafell.com","description":"Encuentra tu casa en Calafell Tarragona","potentialAction":[{"@type":"SearchAction","target":{"@type":"EntryPoint","urlTemplate":"https:\/\/inmobiliariacalafell.com\/ca\/?s={search_term_string}"},"query-input":{"@type":"PropertyValueSpecification","valueRequired":true,"valueName":"search_term_string"}}],"inLanguage":"ca"}]}},"_links":{"self":[{"href":"https:\/\/inmobiliariacalafell.com\/ca\/wp-json\/wp\/v2\/properties\/806298","targetHints":{"allow":["GET"]}}],"collection":[{"href":"https:\/\/inmobiliariacalafell.com\/ca\/wp-json\/wp\/v2\/properties"}],"about":[{"href":"https:\/\/inmobiliariacalafell.com\/ca\/wp-json\/wp\/v2\/types\/property"}],"author":[{"embeddable":true,"href":"https:\/\/inmobiliariacalafell.com\/ca\/wp-json\/wp\/v2\/users\/2"}],"version-history":[{"count":0,"href":"https:\/\/inmobiliariacalafell.com\/ca\/wp-json\/wp\/v2\/properties\/806298\/revisions"}],"wp:featuredmedia":[{"embeddable":true,"href":"https:\/\/inmobiliariacalafell.com\/ca\/wp-json\/wp\/v2\/media\/806299"}],"wp:attachment":[{"href":"https:\/\/inmobiliariacalafell.com\/ca\/wp-json\/wp\/v2\/media?parent=806298"}],"wp:term":[{"taxonomy":"property_type","embeddable":true,"href":"https:\/\/inmobiliariacalafell.com\/ca\/wp-json\/wp\/v2\/property_type?post=806298"},{"taxonomy":"property_status","embeddable":true,"href":"https:\/\/inmobiliariacalafell.com\/ca\/wp-json\/wp\/v2\/property_status?post=806298"},{"taxonomy":"property_feature","embeddable":true,"href":"https:\/\/inmobiliariacalafell.com\/ca\/wp-json\/wp\/v2\/property_feature?post=806298"},{"taxonomy":"property_label","embeddable":true,"href":"https:\/\/inmobiliariacalafell.com\/ca\/wp-json\/wp\/v2\/property_label?post=806298"},{"taxonomy":"property_state","embeddable":true,"href":"https:\/\/inmobiliariacalafell.com\/ca\/wp-json\/wp\/v2\/property_state?post=806298"},{"taxonomy":"property_city","embeddable":true,"href":"https:\/\/inmobiliariacalafell.com\/ca\/wp-json\/wp\/v2\/property_city?post=806298"}],"curies":[{"name":"wp","href":"https:\/\/api.w.org\/{rel}","templated":true}]}}